{"id":2643,"date":"2024-08-02T13:14:57","date_gmt":"2024-08-02T13:14:57","guid":{"rendered":"https:\/\/aefcastro.net\/ensinoprofissional\/?page_id=2643"},"modified":"2025-08-26T11:56:18","modified_gmt":"2025-08-26T11:56:18","slug":"investimento-no-cte-informatica-2024-2025","status":"publish","type":"page","link":"https:\/\/aefcastro.net\/ensinoprofissional\/index.php\/investimento-no-cte-informatica-2024-2025\/","title":{"rendered":"Investimento no CTE &#8211; Inform\u00e1tica 2024\/2025"},"content":{"rendered":"\n<p>O Centro Tecnol\u00f3gico Especializado de Inform\u00e1tica do Agrupamento de Escolas Ferreira de Castro (CTE-IAEFCastro) para ser um ecossistema em Seguran\u00e7a da rede dados digitais, programa\u00e7\u00e3o para diferentes solu\u00e7\u00f5es (jogos, artefactos que utiliza\u00e7\u00e3o algoritmos Intelig\u00eancia Artificial) ir\u00e1 realizar a:<\/p>\n\n\n\n<p>Reconvers\u00e3o de sala de aula inovadores (Openclassroom) com tecnologia digital de \u00faltima gera\u00e7\u00e3o , mobili\u00e1rio ergon\u00f3mico. &nbsp;O mobili\u00e1rio ir\u00e1, tamb\u00e9m, proporcionar ambientes imersivos de aprendizagem assim como uma maior ergonomia. <\/p>\n\n\n\n<p>Instala\u00e7\u00e3o do Data Center f\u00edsico.<\/p>\n\n\n\n<p>Cria\u00e7\u00e3o de espa\u00e7os tem\u00e1ticos: salas gaming \u2013 com mobili\u00e1rio e equipamento tecnol\u00f3gico (computadores com elevado processamento gr\u00e1fico) para desenvolvimento das aprendizagens para produ\u00e7\u00e3o de videojogos; salas de realidade mista \u2013 com equipamento Realidade Aumentada e Realidade Virtual para aprendizagem no desenvolvimento de aplica\u00e7\u00f5es para estes suportes; salas ecossistema digital \u2013 para aprendizagens sobre seguran\u00e7a digital, webaplica\u00e7\u00f5es, solu\u00e7\u00f5es que trabalham em Cloud, websites, comunica\u00e7\u00e3o entre perif\u00e9ricos IoT ligados a servidores.<\/p>\n\n\n\n<p><\/p>\n","protected":false},"excerpt":{"rendered":"<p>O Centro Tecnol\u00f3gico Especializado de Inform\u00e1tica do Agrupamento de Escolas Ferreira de Castro (CTE-IAEFCastro) para ser um ecossistema em Seguran\u00e7a da rede dados digitais, programa\u00e7\u00e3o para diferentes solu\u00e7\u00f5es (jogos, artefactos que utiliza\u00e7\u00e3o algoritmos Intelig\u00eancia Artificial) ir\u00e1 realizar a: Reconvers\u00e3o de sala de aula inovadores (Openclassroom) com tecnologia digital de \u00faltima gera\u00e7\u00e3o , mobili\u00e1rio ergon\u00f3mico. &nbsp;O&#8230;<\/p>\n","protected":false},"author":1,"featured_media":2644,"parent":0,"menu_order":0,"comment_status":"closed","ping_status":"closed","template":"","meta":{"footnotes":""},"class_list":["post-2643","page","type-page","status-publish","has-post-thumbnail","hentry"],"yoast_head":"<!-- This site is optimized with the Yoast SEO plugin v27.5 - https:\/\/yoast.com\/product\/yoast-seo-wordpress\/ -->\n<title>Investimento no CTE - Inform\u00e1tica 2024\/2025 - Ensino Profissional<\/title>\n<meta name=\"robots\" content=\"index, follow, max-snippet:-1, max-image-preview:large, max-video-preview:-1\" \/>\n<link rel=\"canonical\" href=\"https:\/\/aefcastro.net\/ensinoprofissional\/index.php\/investimento-no-cte-informatica-2024-2025\/\" \/>\n<meta property=\"og:locale\" content=\"pt_PT\" \/>\n<meta property=\"og:type\" content=\"article\" \/>\n<meta property=\"og:title\" content=\"Investimento no CTE - Inform\u00e1tica 2024\/2025 - Ensino Profissional\" \/>\n<meta property=\"og:description\" content=\"O Centro Tecnol\u00f3gico Especializado de Inform\u00e1tica do Agrupamento de Escolas Ferreira de Castro (CTE-IAEFCastro) para ser um ecossistema em Seguran\u00e7a da rede dados digitais, programa\u00e7\u00e3o para diferentes solu\u00e7\u00f5es (jogos, artefactos que utiliza\u00e7\u00e3o algoritmos Intelig\u00eancia Artificial) ir\u00e1 realizar a: Reconvers\u00e3o de sala de aula inovadores (Openclassroom) com tecnologia digital de \u00faltima gera\u00e7\u00e3o , mobili\u00e1rio ergon\u00f3mico. &nbsp;O...\" \/>\n<meta property=\"og:url\" content=\"https:\/\/aefcastro.net\/ensinoprofissional\/index.php\/investimento-no-cte-informatica-2024-2025\/\" \/>\n<meta property=\"og:site_name\" content=\"Ensino Profissional\" \/>\n<meta property=\"article:publisher\" content=\"https:\/\/www.facebook.com\/AgrupamentodeEscolasFerreiraCastroOAZ\" \/>\n<meta property=\"article:modified_time\" content=\"2025-08-26T11:56:18+00:00\" \/>\n<meta property=\"og:image\" content=\"https:\/\/aefcastro.net\/ensinoprofissional\/wp-content\/uploads\/2024\/08\/72aaddad-4fba-4e0b-8233-27f439a36428.jpeg\" \/>\n\t<meta property=\"og:image:width\" content=\"1024\" \/>\n\t<meta property=\"og:image:height\" content=\"1024\" \/>\n\t<meta property=\"og:image:type\" content=\"image\/jpeg\" \/>\n<meta name=\"twitter:card\" content=\"summary_large_image\" \/>\n<meta name=\"twitter:label1\" content=\"Tempo estimado de leitura\" \/>\n\t<meta name=\"twitter:data1\" content=\"1 minuto\" \/>\n<script type=\"application\/ld+json\" class=\"yoast-schema-graph\">{\"@context\":\"https:\\\/\\\/schema.org\",\"@graph\":[{\"@type\":\"WebPage\",\"@id\":\"https:\\\/\\\/aefcastro.net\\\/ensinoprofissional\\\/index.php\\\/investimento-no-cte-informatica-2024-2025\\\/\",\"url\":\"https:\\\/\\\/aefcastro.net\\\/ensinoprofissional\\\/index.php\\\/investimento-no-cte-informatica-2024-2025\\\/\",\"name\":\"Investimento no CTE - Inform\u00e1tica 2024\\\/2025 - Ensino Profissional\",\"isPartOf\":{\"@id\":\"https:\\\/\\\/aefcastro.net\\\/ensinoprofissional\\\/#website\"},\"primaryImageOfPage\":{\"@id\":\"https:\\\/\\\/aefcastro.net\\\/ensinoprofissional\\\/index.php\\\/investimento-no-cte-informatica-2024-2025\\\/#primaryimage\"},\"image\":{\"@id\":\"https:\\\/\\\/aefcastro.net\\\/ensinoprofissional\\\/index.php\\\/investimento-no-cte-informatica-2024-2025\\\/#primaryimage\"},\"thumbnailUrl\":\"https:\\\/\\\/aefcastro.net\\\/ensinoprofissional\\\/wp-content\\\/uploads\\\/2024\\\/08\\\/72aaddad-4fba-4e0b-8233-27f439a36428.jpeg\",\"datePublished\":\"2024-08-02T13:14:57+00:00\",\"dateModified\":\"2025-08-26T11:56:18+00:00\",\"breadcrumb\":{\"@id\":\"https:\\\/\\\/aefcastro.net\\\/ensinoprofissional\\\/index.php\\\/investimento-no-cte-informatica-2024-2025\\\/#breadcrumb\"},\"inLanguage\":\"pt-PT\",\"potentialAction\":[{\"@type\":\"ReadAction\",\"target\":[\"https:\\\/\\\/aefcastro.net\\\/ensinoprofissional\\\/index.php\\\/investimento-no-cte-informatica-2024-2025\\\/\"]}]},{\"@type\":\"ImageObject\",\"inLanguage\":\"pt-PT\",\"@id\":\"https:\\\/\\\/aefcastro.net\\\/ensinoprofissional\\\/index.php\\\/investimento-no-cte-informatica-2024-2025\\\/#primaryimage\",\"url\":\"https:\\\/\\\/aefcastro.net\\\/ensinoprofissional\\\/wp-content\\\/uploads\\\/2024\\\/08\\\/72aaddad-4fba-4e0b-8233-27f439a36428.jpeg\",\"contentUrl\":\"https:\\\/\\\/aefcastro.net\\\/ensinoprofissional\\\/wp-content\\\/uploads\\\/2024\\\/08\\\/72aaddad-4fba-4e0b-8233-27f439a36428.jpeg\",\"width\":1024,\"height\":1024},{\"@type\":\"BreadcrumbList\",\"@id\":\"https:\\\/\\\/aefcastro.net\\\/ensinoprofissional\\\/index.php\\\/investimento-no-cte-informatica-2024-2025\\\/#breadcrumb\",\"itemListElement\":[{\"@type\":\"ListItem\",\"position\":1,\"name\":\"In\u00edcio\",\"item\":\"https:\\\/\\\/aefcastro.net\\\/ensinoprofissional\\\/\"},{\"@type\":\"ListItem\",\"position\":2,\"name\":\"Investimento no CTE &#8211; Inform\u00e1tica 2024\\\/2025\"}]},{\"@type\":\"WebSite\",\"@id\":\"https:\\\/\\\/aefcastro.net\\\/ensinoprofissional\\\/#website\",\"url\":\"https:\\\/\\\/aefcastro.net\\\/ensinoprofissional\\\/\",\"name\":\"Ensino Profissional\",\"description\":\"Centro Tecnol\u00f3gico Especializado | Inform\u00e1tica\",\"publisher\":{\"@id\":\"https:\\\/\\\/aefcastro.net\\\/ensinoprofissional\\\/#organization\"},\"potentialAction\":[{\"@type\":\"SearchAction\",\"target\":{\"@type\":\"EntryPoint\",\"urlTemplate\":\"https:\\\/\\\/aefcastro.net\\\/ensinoprofissional\\\/?s={search_term_string}\"},\"query-input\":{\"@type\":\"PropertyValueSpecification\",\"valueRequired\":true,\"valueName\":\"search_term_string\"}}],\"inLanguage\":\"pt-PT\"},{\"@type\":\"Organization\",\"@id\":\"https:\\\/\\\/aefcastro.net\\\/ensinoprofissional\\\/#organization\",\"name\":\"Ensino Profissional\",\"url\":\"https:\\\/\\\/aefcastro.net\\\/ensinoprofissional\\\/\",\"logo\":{\"@type\":\"ImageObject\",\"inLanguage\":\"pt-PT\",\"@id\":\"https:\\\/\\\/aefcastro.net\\\/ensinoprofissional\\\/#\\\/schema\\\/logo\\\/image\\\/\",\"url\":\"https:\\\/\\\/aefcastro.net\\\/ensinoprofissional\\\/wp-content\\\/uploads\\\/2024\\\/07\\\/cropped-logoAEFCastro-1.png\",\"contentUrl\":\"https:\\\/\\\/aefcastro.net\\\/ensinoprofissional\\\/wp-content\\\/uploads\\\/2024\\\/07\\\/cropped-logoAEFCastro-1.png\",\"width\":512,\"height\":512,\"caption\":\"Ensino Profissional\"},\"image\":{\"@id\":\"https:\\\/\\\/aefcastro.net\\\/ensinoprofissional\\\/#\\\/schema\\\/logo\\\/image\\\/\"},\"sameAs\":[\"https:\\\/\\\/www.facebook.com\\\/AgrupamentodeEscolasFerreiraCastroOAZ\"]}]}<\/script>\n<!-- \/ Yoast SEO plugin. -->","yoast_head_json":{"title":"Investimento no CTE - Inform\u00e1tica 2024\/2025 - Ensino Profissional","robots":{"index":"index","follow":"follow","max-snippet":"max-snippet:-1","max-image-preview":"max-image-preview:large","max-video-preview":"max-video-preview:-1"},"canonical":"https:\/\/aefcastro.net\/ensinoprofissional\/index.php\/investimento-no-cte-informatica-2024-2025\/","og_locale":"pt_PT","og_type":"article","og_title":"Investimento no CTE - Inform\u00e1tica 2024\/2025 - Ensino Profissional","og_description":"O Centro Tecnol\u00f3gico Especializado de Inform\u00e1tica do Agrupamento de Escolas Ferreira de Castro (CTE-IAEFCastro) para ser um ecossistema em Seguran\u00e7a da rede dados digitais, programa\u00e7\u00e3o para diferentes solu\u00e7\u00f5es (jogos, artefactos que utiliza\u00e7\u00e3o algoritmos Intelig\u00eancia Artificial) ir\u00e1 realizar a: Reconvers\u00e3o de sala de aula inovadores (Openclassroom) com tecnologia digital de \u00faltima gera\u00e7\u00e3o , mobili\u00e1rio ergon\u00f3mico. &nbsp;O...","og_url":"https:\/\/aefcastro.net\/ensinoprofissional\/index.php\/investimento-no-cte-informatica-2024-2025\/","og_site_name":"Ensino Profissional","article_publisher":"https:\/\/www.facebook.com\/AgrupamentodeEscolasFerreiraCastroOAZ","article_modified_time":"2025-08-26T11:56:18+00:00","og_image":[{"width":1024,"height":1024,"url":"https:\/\/aefcastro.net\/ensinoprofissional\/wp-content\/uploads\/2024\/08\/72aaddad-4fba-4e0b-8233-27f439a36428.jpeg","type":"image\/jpeg"}],"twitter_card":"summary_large_image","twitter_misc":{"Tempo estimado de leitura":"1 minuto"},"schema":{"@context":"https:\/\/schema.org","@graph":[{"@type":"WebPage","@id":"https:\/\/aefcastro.net\/ensinoprofissional\/index.php\/investimento-no-cte-informatica-2024-2025\/","url":"https:\/\/aefcastro.net\/ensinoprofissional\/index.php\/investimento-no-cte-informatica-2024-2025\/","name":"Investimento no CTE - Inform\u00e1tica 2024\/2025 - Ensino Profissional","isPartOf":{"@id":"https:\/\/aefcastro.net\/ensinoprofissional\/#website"},"primaryImageOfPage":{"@id":"https:\/\/aefcastro.net\/ensinoprofissional\/index.php\/investimento-no-cte-informatica-2024-2025\/#primaryimage"},"image":{"@id":"https:\/\/aefcastro.net\/ensinoprofissional\/index.php\/investimento-no-cte-informatica-2024-2025\/#primaryimage"},"thumbnailUrl":"https:\/\/aefcastro.net\/ensinoprofissional\/wp-content\/uploads\/2024\/08\/72aaddad-4fba-4e0b-8233-27f439a36428.jpeg","datePublished":"2024-08-02T13:14:57+00:00","dateModified":"2025-08-26T11:56:18+00:00","breadcrumb":{"@id":"https:\/\/aefcastro.net\/ensinoprofissional\/index.php\/investimento-no-cte-informatica-2024-2025\/#breadcrumb"},"inLanguage":"pt-PT","potentialAction":[{"@type":"ReadAction","target":["https:\/\/aefcastro.net\/ensinoprofissional\/index.php\/investimento-no-cte-informatica-2024-2025\/"]}]},{"@type":"ImageObject","inLanguage":"pt-PT","@id":"https:\/\/aefcastro.net\/ensinoprofissional\/index.php\/investimento-no-cte-informatica-2024-2025\/#primaryimage","url":"https:\/\/aefcastro.net\/ensinoprofissional\/wp-content\/uploads\/2024\/08\/72aaddad-4fba-4e0b-8233-27f439a36428.jpeg","contentUrl":"https:\/\/aefcastro.net\/ensinoprofissional\/wp-content\/uploads\/2024\/08\/72aaddad-4fba-4e0b-8233-27f439a36428.jpeg","width":1024,"height":1024},{"@type":"BreadcrumbList","@id":"https:\/\/aefcastro.net\/ensinoprofissional\/index.php\/investimento-no-cte-informatica-2024-2025\/#breadcrumb","itemListElement":[{"@type":"ListItem","position":1,"name":"In\u00edcio","item":"https:\/\/aefcastro.net\/ensinoprofissional\/"},{"@type":"ListItem","position":2,"name":"Investimento no CTE &#8211; Inform\u00e1tica 2024\/2025"}]},{"@type":"WebSite","@id":"https:\/\/aefcastro.net\/ensinoprofissional\/#website","url":"https:\/\/aefcastro.net\/ensinoprofissional\/","name":"Ensino Profissional","description":"Centro Tecnol\u00f3gico Especializado | Inform\u00e1tica","publisher":{"@id":"https:\/\/aefcastro.net\/ensinoprofissional\/#organization"},"potentialAction":[{"@type":"SearchAction","target":{"@type":"EntryPoint","urlTemplate":"https:\/\/aefcastro.net\/ensinoprofissional\/?s={search_term_string}"},"query-input":{"@type":"PropertyValueSpecification","valueRequired":true,"valueName":"search_term_string"}}],"inLanguage":"pt-PT"},{"@type":"Organization","@id":"https:\/\/aefcastro.net\/ensinoprofissional\/#organization","name":"Ensino Profissional","url":"https:\/\/aefcastro.net\/ensinoprofissional\/","logo":{"@type":"ImageObject","inLanguage":"pt-PT","@id":"https:\/\/aefcastro.net\/ensinoprofissional\/#\/schema\/logo\/image\/","url":"https:\/\/aefcastro.net\/ensinoprofissional\/wp-content\/uploads\/2024\/07\/cropped-logoAEFCastro-1.png","contentUrl":"https:\/\/aefcastro.net\/ensinoprofissional\/wp-content\/uploads\/2024\/07\/cropped-logoAEFCastro-1.png","width":512,"height":512,"caption":"Ensino Profissional"},"image":{"@id":"https:\/\/aefcastro.net\/ensinoprofissional\/#\/schema\/logo\/image\/"},"sameAs":["https:\/\/www.facebook.com\/AgrupamentodeEscolasFerreiraCastroOAZ"]}]}},"_links":{"self":[{"href":"https:\/\/aefcastro.net\/ensinoprofissional\/index.php\/wp-json\/wp\/v2\/pages\/2643","targetHints":{"allow":["GET"]}}],"collection":[{"href":"https:\/\/aefcastro.net\/ensinoprofissional\/index.php\/wp-json\/wp\/v2\/pages"}],"about":[{"href":"https:\/\/aefcastro.net\/ensinoprofissional\/index.php\/wp-json\/wp\/v2\/types\/page"}],"author":[{"embeddable":true,"href":"https:\/\/aefcastro.net\/ensinoprofissional\/index.php\/wp-json\/wp\/v2\/users\/1"}],"replies":[{"embeddable":true,"href":"https:\/\/aefcastro.net\/ensinoprofissional\/index.php\/wp-json\/wp\/v2\/comments?post=2643"}],"version-history":[{"count":3,"href":"https:\/\/aefcastro.net\/ensinoprofissional\/index.php\/wp-json\/wp\/v2\/pages\/2643\/revisions"}],"predecessor-version":[{"id":2949,"href":"https:\/\/aefcastro.net\/ensinoprofissional\/index.php\/wp-json\/wp\/v2\/pages\/2643\/revisions\/2949"}],"wp:featuredmedia":[{"embeddable":true,"href":"https:\/\/aefcastro.net\/ensinoprofissional\/index.php\/wp-json\/wp\/v2\/media\/2644"}],"wp:attachment":[{"href":"https:\/\/aefcastro.net\/ensinoprofissional\/index.php\/wp-json\/wp\/v2\/media?parent=2643"}],"curies":[{"name":"wp","href":"https:\/\/api.w.org\/{rel}","templated":true}]}}